{"id":716,"date":"2018-08-05T10:43:02","date_gmt":"2018-08-05T10:43:02","guid":{"rendered":"http:\/\/www.comuneacquapendente.it\/wpaquesionet\/?page_id=716"},"modified":"2018-10-10T18:53:20","modified_gmt":"2018-10-10T18:53:20","slug":"musei","status":"publish","type":"page","link":"http:\/\/www.comuneacquapendente.it\/wpaquesionet\/index.php\/musei\/","title":{"rendered":"Museo della Citt\u00e0"},"content":{"rendered":"<p>[vc_row][vc_column][vc_single_image image=&#8221;1264&#8243; img_size=&#8221;full&#8221; alignment=&#8221;center&#8221;][vc_column_text]Il <strong>Museo della Citt\u00e0<\/strong> &#8211; civico e diocesano &#8211; \u00e8 ubicato in via Roma 85, presso l&#8217;ex Palazzo Vescovile.<br \/>\nLa sede centrale trova spazio presso le ampie sale del\u00a0<strong>Palazzo Vescovile\u00a0<\/strong>dove \u00e8 possibile ammirare le raccolte d\u2019arte sacra provenienti dalla cattedrale e dalle altre chiese di Acquapendente e numerosi reperti ceramici, dal medioevo ai nostri giorni.<\/p>\n<p>Il Palazzo Vescovile \u00e8 divenuto un museo che ha finalit\u00e0 didattiche e sperimentali e mira a valorizzare tutto ci\u00f2 che rappresenta l\u2019identit\u00e0 del territorio. Al suo interno trovano spazio collezioni sia civiche sia vescovili.<\/p>\n<p>Presso le ampie sale del piano nobile troviamo opere di particolare pregio come lo\u00a0<strong>Stemma araldico di papa Gregorio XIII\u00a0<\/strong>(1572-1585), realizzato in travertino; il\u00a0<strong>Busto di Innocenzo X Pamphilij di Alessandro Algardi\u00a0<\/strong>(1598-1654) pregevole esempio di scultura barocca; il\u00a0<strong>dipinto su tavola di Girolamo di Benvenuto\u00a0<\/strong>(1470-1524) una lunetta raffigurante la Piet\u00e0 che, insieme al dipinto raffigurante la Madonna con il Bambino \u2013 oggi esposto al Fogg Art Museum di Cambridge (USA) \u2013 costituiva anticamente la pala d\u2019altare della chiesa di Sant\u2019Agostino.<\/p>\n<p>La sede centrale ospita una nuova\u00a0<strong>sezione dedicata alla Via Francigena\u00a0<\/strong>con una specifica attenzione alla storica vocazione della citt\u00e0 e del territorio come centro di frontiera culturale.<\/p>\n<p><img loading=\"lazy\" class=\"alignnone size-full wp-image-1035\" src=\"http:\/\/www.comuneacquapendente.it\/wpaquesionet\/files\/museo-della-citt\u00e0_interno.jpg\" alt=\"\" width=\"600\" height=\"399\" srcset=\"http:\/\/www.comuneacquapendente.it\/wpaquesionet\/files\/museo-della-citt\u00e0_interno.jpg 600w, http:\/\/www.comuneacquapendente.it\/wpaquesionet\/files\/museo-della-citt\u00e0_interno-300x200.jpg 300w\" sizes=\"(max-width: 600px) 100vw, 600px\" \/><\/p>\n<p>Oltre alla sede centrale ci sono altre due sedi espositive:<\/p>\n<p>la Torre Julia de Jacopo per le Ceramiche medievali e rinascimentali;<\/p>\n<p>il Chiostro di San Francesco, da cui si accede alla Pinacoteca.<\/p>\n<h3><strong>Torre Julia de Jacopo<\/strong><\/h3>\n<p>Ospita una delle pi\u00f9 importanti raccolte di\u00a0<strong>maiolica arcaica <\/strong>del Centro Italia,\u00a0che comprende: boccali, vascelli, catini che si distinguono per una variet\u00e0 di motivi decorativi che vanno dai pi\u00f9 semplici motivi geometrici e vegetali agli stemmi delle casate nobiliari, alle iscrizioni e simbologie religiose.<br \/>\nI reperti sono stati rinvenuti negli scavi dell\u2019ex Convento di Sant\u2019Agostino, tale deposito probabilmente si form\u00f2 in seguito alle misure precauzionali adottate per arginare gli effetti della peste nera intorno alla met\u00e0 del XIV secolo.<\/p>\n<p><img loading=\"lazy\" class=\"wp-image-1036 aligncenter\" src=\"http:\/\/www.comuneacquapendente.it\/wpaquesionet\/files\/Julia_19.jpg\" alt=\"\" width=\"900\" height=\"675\" srcset=\"http:\/\/www.comuneacquapendente.it\/wpaquesionet\/files\/Julia_19.jpg 3680w, http:\/\/www.comuneacquapendente.it\/wpaquesionet\/files\/Julia_19-300x225.jpg 300w, http:\/\/www.comuneacquapendente.it\/wpaquesionet\/files\/Julia_19-768x576.jpg 768w, http:\/\/www.comuneacquapendente.it\/wpaquesionet\/files\/Julia_19-1024x768.jpg 1024w\" sizes=\"(max-width: 900px) 100vw, 900px\" \/><\/p>\n<p>&nbsp;<\/p>\n<h3><strong>La Pinacoteca del Chiostro di San Francesco<\/strong><\/h3>\n<p>Ospita una delle raccolte pi\u00f9 interessanti e cospicue del territorio viterbese.<br \/>\nLa collezione vanta infatti la presenza di dipinti su tavola pregevoli come il\u00a0<strong>San Bernardino da Siena di Sano di Pietro\u00a0<\/strong>(1406 \u2013 1481) e la <strong>Vergine in adorazione del Bambino eseguita dal Maestro di Marradi<\/strong>.<br \/>\nTra le altre opere possiamo ricordare due pregiate\u00a0<strong>repliche di opere di Raffaello<\/strong>, opera di <strong>Terenzio Terenzi<\/strong>, La Madonna del Divino Amore il cui originale \u00e8 conservato alla Galleria Nazionale di Capodimonte, e la Sacra Famiglia con San Giovannino, il cui autentico \u00e8 al Kunsthistorisches Museum di Vienna.<br \/>\nMolte opere esposte sono riferibili invece a <strong>Francesco Nasini<\/strong>, prolifico pittore di Piancastagnaio e al suo entourage, autore del magnifico affresco del coro della pertinente chiesa di San Francesco.<br \/>\nTra le tele di maggiore pregio si annoverano la <strong>Visione di Sant\u2019Antonio da Padova<\/strong> e la <strong>Sacra conversazione<\/strong>.<\/p>\n<p><img loading=\"lazy\" class=\"aligncenter wp-image-1037\" src=\"http:\/\/www.comuneacquapendente.it\/wpaquesionet\/files\/ACQUAPENDENTE-19-APRILE-072-copia.jpg\" alt=\"\" width=\"900\" height=\"531\" srcset=\"http:\/\/www.comuneacquapendente.it\/wpaquesionet\/files\/ACQUAPENDENTE-19-APRILE-072-copia.jpg 1017w, http:\/\/www.comuneacquapendente.it\/wpaquesionet\/files\/ACQUAPENDENTE-19-APRILE-072-copia-300x177.jpg 300w, http:\/\/www.comuneacquapendente.it\/wpaquesionet\/files\/ACQUAPENDENTE-19-APRILE-072-copia-768x453.jpg 768w\" sizes=\"(max-width: 900px) 100vw, 900px\" \/><\/p>\n<p>Il Museo appartiene al <a href=\"http:\/\/www.simulabo.it\/it\/i_musei_del_sistema\/acquapendente_museo_della_citta.html\" target=\"_blank\" rel=\"noopener\">Sistema museale del lago di Bolsena<\/a>.<\/p>\n<p>Il direttore del museo \u00e8 il dott. <a href=\"http:\/\/unitusdistu.academia.edu\/AndreaAlessi\" target=\"_blank\" rel=\"noopener\">Andrea Alessi<\/a>.<\/p>\n<p>La gestione \u00e8 affidata alla cooperativa <a href=\"http:\/\/laperegina.it\/museo-della-citta-di-acquapendente\/\" target=\"_blank\" rel=\"noopener\">L&#8217;Ape Regina<\/a>.<\/p>\n<p>&nbsp;<\/p>\n<p>All\u2019interno della gestione del Museo della citt\u00e0 Civico e Diocesano sono previste varie\u00a0<strong>tipologie di attivit\u00e0<\/strong>:<\/p>\n<p><strong>&#8211; didattiche<\/strong>, per studenti di ogni ordine e grado (VEDI\u00a0<a title=\"didattica per museo della citt\u00e0\" href=\"http:\/\/laperegina.it\/category\/luoghi\/museo-della-citta\/\" target=\"_blank\" rel=\"noopener\">PAGINA DETTAGLIATA<\/a>)<br \/>\n<strong>&#8211; mostre tematiche<\/strong>, per docenti o esperti di settore (VEDI PAGINA DETTAGLIATA)<br \/>\n<strong>&#8211; eventi<\/strong>, visite di vario genere per tutte le et\u00e0 (VEDI\u00a0<a title=\"Eventi al Museo della citt\u00e0\" href=\"http:\/\/laperegina.it\/category\/luoghi\/museo-della-citta\/eventi\/\" target=\"_blank\" rel=\"noopener\">PAGINA DETTAGLIATA<\/a>)<\/p>\n<p>&#8211;\u00a0<strong>visite<\/strong>, tematiche al Museo (VEDI\u00a0<a title=\"Visite tematiche\" href=\"http:\/\/laperegina.it\/category\/turismo\/visite-guidate-ai-musei\/\" target=\"_blank\" rel=\"noopener\">PAGINA DETTAGLIATA<\/a>)<\/p>\n<h4><strong><br \/>\nORARI DI APERTURA<\/strong><\/h4>\n<ul>\n<li>\n<h4><strong>PALAZZO VESCOVILE<\/strong>\u00a0(via Roma, 85)<\/h4>\n<p><strong>Gennaio\u00a0<\/strong>(escluso Capodanno): sabato e domenica: 10 \u2013 13 \/ 15 \u2013 18<br \/>\n<strong>Febbraio<\/strong>: domenica 10 \u2013 13 \/\u00a0 15 \u2013 18<br \/>\n<strong>Marzo<\/strong>: sabato e domenica 10 \u2013 13 \/ 15 \u2013 18<br \/>\n<strong>Aprile<\/strong>: da venerd\u00ec a domenica 10 \u2013 13 \/ 16 \u2013 19<br \/>\n<strong>Maggio \u2013 Giugno \u2013 Luglio \u2013 Settembre<\/strong>:<br \/>\nda mercoled\u00ec a domenica 10 \u2013 13 \/ 16 \u2013 19<br \/>\n<strong>Agosto<\/strong>: da marted\u00ec a domenica 10 \u2013 13 \/ 16 \u2013 19 \u2013 dal 24 al 26 agosto 10 \u2013 12 \/ 17 \u2013 22<br \/>\n<strong>Ottobre<\/strong>: da venerd\u00ec a domenica 10 \u2013 13 \/ 15 \u2013 18<br \/>\n<strong>Novembre<\/strong>: sabato e domenica 10 \u2013 13 \/ 15 \u2013 18<br \/>\n<strong>Dicembre\u00a0<\/strong>(escluso Natale): sabato e domenica 10 \u2013 13 \/ 15 \u2013 18<\/li>\n<\/ul>\n<ul>\n<li><strong>TORRE JULIA DE JACOPO<br \/>\nceramiche rinascimentali e medievali<\/strong><br \/>\n<strong>1 aprile \u2013 30 settembre \/ 1 \u2013 31 dicembre<\/strong>:<br \/>\n<em>marted\u00ec \u2013 venerd\u00ec \u2013 sabato<\/em>: 9 \u2013 13 \/ 16 \u2013 19<br \/>\n<em>mercoled\u00ec<\/em>: 9 -13;\u00a0<em>gioved\u00ec<\/em>: 16 \u2013 19;\u00a0<em>domenica<\/em>: 10 \u2013 13<br \/>\n<strong>1 gennaio \u2013 31 marzo \/ 1 ottobre \u2013 30 novembre<\/strong>:<br \/>\n<em>marted\u00ec \u2013 sabato<\/em>: 9 \u2013 13 \/ 16 \u2013 18.30; mercoled\u00ec e venerd\u00ec: 9 -13; gioved\u00ec: 16 \u2013 18.30;\u00a0<em>domenica<\/em>: 10 \u2013 13<\/li>\n<\/ul>\n<ul>\n<li><strong>CHIOSTRO DI SAN FRANCESCO<br \/>\nPinacoteca<\/strong><br \/>\n<strong>Gennaio<\/strong>: 6 gennaio 10 \u2013 13<br \/>\n<strong>Febbraio \u2013 Marzo<\/strong>\u00a0\u2013\u00a0<strong>Ottobre<\/strong>: Chiuso<br \/>\n<strong>Aprile \u2013 Settembre<\/strong>: tutti i sabati e festivi (escluse domeniche) 10 \u2013 13<br \/>\n<strong>Novembre<\/strong>: 1 novembre 10 \u2013 13<br \/>\n<strong>Dicembre<\/strong>:\u00a08 \u2013 24 \u2013 26 \u2013 31 dicembre: 10 \u2013 13<\/li>\n<\/ul>\n<p>I restanti giorni il Museo pu\u00f2 essere\u00a0<strong>aperto su prenotazione per un minimo di 20 persone<\/strong>.<\/p>\n<ul>\n<li><strong>BASILICA SANTO SEPOLCRO<\/strong><br \/>\nvisite guidate: tutti sabati, domenica e festivi<\/li>\n<\/ul>\n<p>AUTUNNO-INVERNO: dalle 12.00 alle 13.00 e dalle 15.00 alle 16.00<br \/>\nPRIMAVERA-ESTATE: dalle 12.00 alle 13.00 e dalle 16.00 alle 17.00<\/p>\n<p><a href=\"https:\/\/www.facebook.com\/museodellacittadiacquapedente\/\" target=\"_blank\" rel=\"noopener\">Pagina Facebook del Museo della Citt\u00e0<\/a><\/p>\n<p>E-mail:\u00a0museo.civ.dioc@comuneacquapendente.it<\/p>\n<p>Telefono: 0763 730065[\/vc_column_text][\/vc_column][\/vc_row]<\/p>\n","protected":false},"excerpt":{"rendered":"<p>[vc_row][vc_column][vc_single_image image=&#8221;1264&#8243; img_size=&#8221;full&#8221; alignment=&#8221;center&#8221;][vc_column_text]Il Museo della Citt\u00e0 &#8211; civico e diocesano &#8211; \u00e8 ubicato in via Roma 85, presso l&#8217;ex Palazzo Vescovile. La sede centrale trova spazio presso le ampie sale del\u00a0Palazzo Vescovile\u00a0dove \u00e8 possibile ammirare le raccolte d\u2019arte sacra provenienti dalla cattedrale e dalle altre chiese di Acquapendente e numerosi reperti ceramici, dal medioevo [&hellip;]<\/p>\n","protected":false},"author":1,"featured_media":0,"parent":0,"menu_order":0,"comment_status":"closed","ping_status":"closed","template":"","meta":[],"categories":[],"tags":[],"yoast_head":"<!-- This site is optimized with the Yoast SEO plugin v17.2.1 - https:\/\/yoast.com\/wordpress\/plugins\/seo\/ -->\n<title>Museo della Citt\u00e0 - aquesionet<\/title>\n<meta name=\"robots\" content=\"index, follow, max-snippet:-1, max-image-preview:large, max-video-preview:-1\" \/>\n<link rel=\"canonical\" href=\"http:\/\/www.comuneacquapendente.it\/wpaquesionet\/index.php\/musei\/\" \/>\n<meta property=\"og:locale\" content=\"it_IT\" \/>\n<meta property=\"og:type\" content=\"article\" \/>\n<meta property=\"og:title\" content=\"Museo della Citt\u00e0 - aquesionet\" \/>\n<meta property=\"og:description\" content=\"[vc_row][vc_column][vc_single_image image=&#8221;1264&#8243; img_size=&#8221;full&#8221; alignment=&#8221;center&#8221;][vc_column_text]Il Museo della Citt\u00e0 &#8211; civico e diocesano &#8211; \u00e8 ubicato in via Roma 85, presso l&#8217;ex Palazzo Vescovile. La sede centrale trova spazio presso le ampie sale del\u00a0Palazzo Vescovile\u00a0dove \u00e8 possibile ammirare le raccolte d\u2019arte sacra provenienti dalla cattedrale e dalle altre chiese di Acquapendente e numerosi reperti ceramici, dal medioevo [&hellip;]\" \/>\n<meta property=\"og:url\" content=\"http:\/\/www.comuneacquapendente.it\/wpaquesionet\/index.php\/musei\/\" \/>\n<meta property=\"og:site_name\" content=\"aquesionet\" \/>\n<meta property=\"article:publisher\" content=\"https:\/\/www.facebook.com\/ComunediAcquapendente\/\" \/>\n<meta property=\"article:modified_time\" content=\"2018-10-10T18:53:20+00:00\" \/>\n<meta property=\"og:image\" content=\"http:\/\/www.comuneacquapendente.it\/wpaquesionet\/files\/museo-della-citt\u00e0_interno.jpg\" \/>\n<meta name=\"twitter:card\" content=\"summary_large_image\" \/>\n<meta name=\"twitter:site\" content=\"@AcquapendenteVT\" \/>\n<meta name=\"twitter:label1\" content=\"Tempo di lettura stimato\" \/>\n\t<meta name=\"twitter:data1\" content=\"4 minuti\" \/>\n<script type=\"application\/ld+json\" class=\"yoast-schema-graph\">{\"@context\":\"https:\/\/schema.org\",\"@graph\":[{\"@type\":\"Organization\",\"@id\":\"http:\/\/www.comuneacquapendente.it\/wpaquesionet\/#organization\",\"name\":\"Comune di Acquapendente\",\"url\":\"http:\/\/www.comuneacquapendente.it\/wpaquesionet\/\",\"sameAs\":[\"https:\/\/www.facebook.com\/ComunediAcquapendente\/\",\"https:\/\/www.youtube.com\/user\/AcquapendenteComune\/\",\"https:\/\/twitter.com\/AcquapendenteVT\"],\"logo\":{\"@type\":\"ImageObject\",\"@id\":\"http:\/\/www.comuneacquapendente.it\/wpaquesionet\/#logo\",\"inLanguage\":\"it-IT\",\"url\":\"http:\/\/www.comuneacquapendente.it\/wpaquesionet\/files\/stemma_comune_Acquapendente512x512.png\",\"contentUrl\":\"http:\/\/www.comuneacquapendente.it\/wpaquesionet\/files\/stemma_comune_Acquapendente512x512.png\",\"width\":512,\"height\":512,\"caption\":\"Comune di Acquapendente\"},\"image\":{\"@id\":\"http:\/\/www.comuneacquapendente.it\/wpaquesionet\/#logo\"}},{\"@type\":\"WebSite\",\"@id\":\"http:\/\/www.comuneacquapendente.it\/wpaquesionet\/#website\",\"url\":\"http:\/\/www.comuneacquapendente.it\/wpaquesionet\/\",\"name\":\"aquesionet\",\"description\":\"LA RETE CIVICA DEL COMUNE DI ACQUAPENDENTE\",\"publisher\":{\"@id\":\"http:\/\/www.comuneacquapendente.it\/wpaquesionet\/#organization\"},\"potentialAction\":[{\"@type\":\"SearchAction\",\"target\":{\"@type\":\"EntryPoint\",\"urlTemplate\":\"http:\/\/www.comuneacquapendente.it\/wpaquesionet\/?s={search_term_string}\"},\"query-input\":\"required name=search_term_string\"}],\"inLanguage\":\"it-IT\"},{\"@type\":\"ImageObject\",\"@id\":\"http:\/\/www.comuneacquapendente.it\/wpaquesionet\/index.php\/musei\/#primaryimage\",\"inLanguage\":\"it-IT\",\"url\":\"http:\/\/www.comuneacquapendente.it\/wpaquesionet\/files\/museo-della-citt\\u00e0_interno.jpg\",\"contentUrl\":\"http:\/\/www.comuneacquapendente.it\/wpaquesionet\/files\/museo-della-citt\\u00e0_interno.jpg\",\"width\":600,\"height\":399},{\"@type\":\"WebPage\",\"@id\":\"http:\/\/www.comuneacquapendente.it\/wpaquesionet\/index.php\/musei\/#webpage\",\"url\":\"http:\/\/www.comuneacquapendente.it\/wpaquesionet\/index.php\/musei\/\",\"name\":\"Museo della Citt\\u00e0 - aquesionet\",\"isPartOf\":{\"@id\":\"http:\/\/www.comuneacquapendente.it\/wpaquesionet\/#website\"},\"primaryImageOfPage\":{\"@id\":\"http:\/\/www.comuneacquapendente.it\/wpaquesionet\/index.php\/musei\/#primaryimage\"},\"datePublished\":\"2018-08-05T10:43:02+00:00\",\"dateModified\":\"2018-10-10T18:53:20+00:00\",\"breadcrumb\":{\"@id\":\"http:\/\/www.comuneacquapendente.it\/wpaquesionet\/index.php\/musei\/#breadcrumb\"},\"inLanguage\":\"it-IT\",\"potentialAction\":[{\"@type\":\"ReadAction\",\"target\":[\"http:\/\/www.comuneacquapendente.it\/wpaquesionet\/index.php\/musei\/\"]}]},{\"@type\":\"BreadcrumbList\",\"@id\":\"http:\/\/www.comuneacquapendente.it\/wpaquesionet\/index.php\/musei\/#breadcrumb\",\"itemListElement\":[{\"@type\":\"ListItem\",\"position\":1,\"name\":\"Home\",\"item\":\"http:\/\/www.comuneacquapendente.it\/wpaquesionet\/\"},{\"@type\":\"ListItem\",\"position\":2,\"name\":\"Museo della Citt\\u00e0\"}]}]}<\/script>\n<!-- \/ Yoast SEO plugin. -->","yoast_head_json":{"title":"Museo della Citt\u00e0 - aquesionet","robots":{"index":"index","follow":"follow","max-snippet":"max-snippet:-1","max-image-preview":"max-image-preview:large","max-video-preview":"max-video-preview:-1"},"canonical":"http:\/\/www.comuneacquapendente.it\/wpaquesionet\/index.php\/musei\/","og_locale":"it_IT","og_type":"article","og_title":"Museo della Citt\u00e0 - aquesionet","og_description":"[vc_row][vc_column][vc_single_image image=&#8221;1264&#8243; img_size=&#8221;full&#8221; alignment=&#8221;center&#8221;][vc_column_text]Il Museo della Citt\u00e0 &#8211; civico e diocesano &#8211; \u00e8 ubicato in via Roma 85, presso l&#8217;ex Palazzo Vescovile. La sede centrale trova spazio presso le ampie sale del\u00a0Palazzo Vescovile\u00a0dove \u00e8 possibile ammirare le raccolte d\u2019arte sacra provenienti dalla cattedrale e dalle altre chiese di Acquapendente e numerosi reperti ceramici, dal medioevo [&hellip;]","og_url":"http:\/\/www.comuneacquapendente.it\/wpaquesionet\/index.php\/musei\/","og_site_name":"aquesionet","article_publisher":"https:\/\/www.facebook.com\/ComunediAcquapendente\/","article_modified_time":"2018-10-10T18:53:20+00:00","og_image":[{"url":"http:\/\/www.comuneacquapendente.it\/wpaquesionet\/files\/museo-della-citt\u00e0_interno.jpg"}],"twitter_card":"summary_large_image","twitter_site":"@AcquapendenteVT","twitter_misc":{"Tempo di lettura stimato":"4 minuti"},"schema":{"@context":"https:\/\/schema.org","@graph":[{"@type":"Organization","@id":"http:\/\/www.comuneacquapendente.it\/wpaquesionet\/#organization","name":"Comune di Acquapendente","url":"http:\/\/www.comuneacquapendente.it\/wpaquesionet\/","sameAs":["https:\/\/www.facebook.com\/ComunediAcquapendente\/","https:\/\/www.youtube.com\/user\/AcquapendenteComune\/","https:\/\/twitter.com\/AcquapendenteVT"],"logo":{"@type":"ImageObject","@id":"http:\/\/www.comuneacquapendente.it\/wpaquesionet\/#logo","inLanguage":"it-IT","url":"http:\/\/www.comuneacquapendente.it\/wpaquesionet\/files\/stemma_comune_Acquapendente512x512.png","contentUrl":"http:\/\/www.comuneacquapendente.it\/wpaquesionet\/files\/stemma_comune_Acquapendente512x512.png","width":512,"height":512,"caption":"Comune di Acquapendente"},"image":{"@id":"http:\/\/www.comuneacquapendente.it\/wpaquesionet\/#logo"}},{"@type":"WebSite","@id":"http:\/\/www.comuneacquapendente.it\/wpaquesionet\/#website","url":"http:\/\/www.comuneacquapendente.it\/wpaquesionet\/","name":"aquesionet","description":"LA RETE CIVICA DEL COMUNE DI ACQUAPENDENTE","publisher":{"@id":"http:\/\/www.comuneacquapendente.it\/wpaquesionet\/#organization"},"potentialAction":[{"@type":"SearchAction","target":{"@type":"EntryPoint","urlTemplate":"http:\/\/www.comuneacquapendente.it\/wpaquesionet\/?s={search_term_string}"},"query-input":"required name=search_term_string"}],"inLanguage":"it-IT"},{"@type":"ImageObject","@id":"http:\/\/www.comuneacquapendente.it\/wpaquesionet\/index.php\/musei\/#primaryimage","inLanguage":"it-IT","url":"http:\/\/www.comuneacquapendente.it\/wpaquesionet\/files\/museo-della-citt\u00e0_interno.jpg","contentUrl":"http:\/\/www.comuneacquapendente.it\/wpaquesionet\/files\/museo-della-citt\u00e0_interno.jpg","width":600,"height":399},{"@type":"WebPage","@id":"http:\/\/www.comuneacquapendente.it\/wpaquesionet\/index.php\/musei\/#webpage","url":"http:\/\/www.comuneacquapendente.it\/wpaquesionet\/index.php\/musei\/","name":"Museo della Citt\u00e0 - aquesionet","isPartOf":{"@id":"http:\/\/www.comuneacquapendente.it\/wpaquesionet\/#website"},"primaryImageOfPage":{"@id":"http:\/\/www.comuneacquapendente.it\/wpaquesionet\/index.php\/musei\/#primaryimage"},"datePublished":"2018-08-05T10:43:02+00:00","dateModified":"2018-10-10T18:53:20+00:00","breadcrumb":{"@id":"http:\/\/www.comuneacquapendente.it\/wpaquesionet\/index.php\/musei\/#breadcrumb"},"inLanguage":"it-IT","potentialAction":[{"@type":"ReadAction","target":["http:\/\/www.comuneacquapendente.it\/wpaquesionet\/index.php\/musei\/"]}]},{"@type":"BreadcrumbList","@id":"http:\/\/www.comuneacquapendente.it\/wpaquesionet\/index.php\/musei\/#breadcrumb","itemListElement":[{"@type":"ListItem","position":1,"name":"Home","item":"http:\/\/www.comuneacquapendente.it\/wpaquesionet\/"},{"@type":"ListItem","position":2,"name":"Museo della Citt\u00e0"}]}]}},"_links":{"self":[{"href":"http:\/\/www.comuneacquapendente.it\/wpaquesionet\/index.php\/wp-json\/wp\/v2\/pages\/716"}],"collection":[{"href":"http:\/\/www.comuneacquapendente.it\/wpaquesionet\/index.php\/wp-json\/wp\/v2\/pages"}],"about":[{"href":"http:\/\/www.comuneacquapendente.it\/wpaquesionet\/index.php\/wp-json\/wp\/v2\/types\/page"}],"author":[{"embeddable":true,"href":"http:\/\/www.comuneacquapendente.it\/wpaquesionet\/index.php\/wp-json\/wp\/v2\/users\/1"}],"replies":[{"embeddable":true,"href":"http:\/\/www.comuneacquapendente.it\/wpaquesionet\/index.php\/wp-json\/wp\/v2\/comments?post=716"}],"version-history":[{"count":15,"href":"http:\/\/www.comuneacquapendente.it\/wpaquesionet\/index.php\/wp-json\/wp\/v2\/pages\/716\/revisions"}],"predecessor-version":[{"id":1265,"href":"http:\/\/www.comuneacquapendente.it\/wpaquesionet\/index.php\/wp-json\/wp\/v2\/pages\/716\/revisions\/1265"}],"wp:attachment":[{"href":"http:\/\/www.comuneacquapendente.it\/wpaquesionet\/index.php\/wp-json\/wp\/v2\/media?parent=716"}],"wp:term":[{"taxonomy":"category","embeddable":true,"href":"http:\/\/www.comuneacquapendente.it\/wpaquesionet\/index.php\/wp-json\/wp\/v2\/categories?post=716"},{"taxonomy":"post_tag","embeddable":true,"href":"http:\/\/www.comuneacquapendente.it\/wpaquesionet\/index.php\/wp-json\/wp\/v2\/tags?post=716"}],"curies":[{"name":"wp","href":"https:\/\/api.w.org\/{rel}","templated":true}]}}